{"id":5,"date":"2015-03-12T12:51:08","date_gmt":"2015-03-12T10:51:08","guid":{"rendered":"http:\/\/www.banyuaiki.it\/?page_id=5"},"modified":"2026-08-21T15:48:08","modified_gmt":"2026-08-21T13:48:08","slug":"home-2","status":"publish","type":"page","link":"https:\/\/www.banyuaiki.it\/archivio\/","title":{"rendered":"home"},"content":{"rendered":"\n<p class=\"wp-block-paragraph\"><strong>Archivio Banyuaiki 2005\u20132026<\/strong><br>Questo sito \u00e8 conservato come <strong>archivio storico<\/strong> del Banyuaiki Dojo. Contiene articoli, materiali e testimonianze pubblicati nel corso degli anni. Alcune informazioni pratiche possono non essere pi\u00f9 aggiornate.<\/p>\n\n\n\n<p class=\"wp-block-paragraph\">ultimi articoli:<\/p>\n\n\n<ul class=\"wp-block-latest-posts__list is-grid columns-3 wp-block-latest-posts\"><li><a class=\"wp-block-latest-posts__post-title\" href=\"https:\/\/www.banyuaiki.it\/archivio\/seminario-di-aikido-marco-la-pera-roma-13-14-giugno-2026\/\">Seminario di Aikido &#8211; Marco La Pera &#8211; Roma, 13-14 Giugno 2026<\/a><\/li>\n<li><a class=\"wp-block-latest-posts__post-title\" href=\"https:\/\/www.banyuaiki.it\/archivio\/domenico-zucco-seminario-di-aikido-roma-23-24-maggio-2026\/\">Domenico Zucco &#8211; Seminario di Aikido &#8211; Roma 23-24 Maggio 2026<\/a><\/li>\n<li><a class=\"wp-block-latest-posts__post-title\" href=\"https:\/\/www.banyuaiki.it\/archivio\/aikido-e-kotodama-seminario-roma-1112-aprile-2026\/\">Aikido e Kotodama &#8211; Seminario &#8211; Roma 11,12 Aprile 2026<\/a><\/li>\n<li><a class=\"wp-block-latest-posts__post-title\" href=\"https:\/\/www.banyuaiki.it\/archivio\/irie-yasuhito-sensei-lezioni-di-aikido-a-roma\/\">Irie Yasuhito Sensei &#8211; LEZIONI DI AIKIDO A ROMA<\/a><\/li>\n<li><a class=\"wp-block-latest-posts__post-title\" href=\"https:\/\/www.banyuaiki.it\/archivio\/seminario-di-kinorenma-8-9-novembre\/\">Seminario di Kinorenma 8-9 Novembre<\/a><\/li>\n<\/ul>\n\n<div class=\"fruitful_description_box\"><div class=\"fruitful_description shadow-type-1 \" id=\"desc-box-49\"><span class=\"top_line\"><\/span><div class=\"text\" style=\"font-size: 20px; text-transform: none; font-weight: 300; line-height: 1.2; text-align: center\">&#8220;L&#8217;aikido non \u00e8 una semplice tecnica marziale o un mero sport. E&#8217; una disciplina che permette di coltivare corpo ed anima e che trascende l&#8217;antagonismo e le opposizioni, frutto di millenni di storia dello spirito del genere umano. Per questo l&#8217;uomo, praticando l&#8217;aikido, pu\u00f2 trarre realmente grande evoluzione e gioia nei confronti di tutte le cose.&#8221;<br \/>\nTada Hiroshi Shihan<\/div><span class=\"bottom_line\"><\/span><\/div><\/div><div class=\"clearfix\"><\/div>\n\n\n<div class=\"info-box-row clearfix\" id=\"info-box-row-61\">\n<a title=\"il fondatore\" href=\"\/archivio\/?page_id=106\"><div id=\"info-box-82\" class=\" ffs-four-one ffs-info-box center \" ><div class=\"ffs-icon-box\"><img decoding=\"async\" class=\"icon\" src=\"https:\/\/www.banyuaiki.it\/archivio\/wp-content\/uploads\/2015\/03\/o-sensei-HOMEPAGE.jpg\" title=\"il fondatore\" alt=\"\" \/><\/div><div class=\"ffs-content-box\"><div class=\"infobox-title\" style=\"text-align:center; font-size:20px; text-transform: uppercase; \">il fondatore<\/div><div class=\"infobox-text\"  style=\"text-align:center; font-size:13px; \" >Ueshiba Morihei<\/div><\/div><\/div><\/a>\n<a title=\"il dojo\" href=\"\/archivio\/?page_id=75\"><div id=\"info-box-5\" class=\" ffs-four-one ffs-info-box center \" ><div class=\"ffs-icon-box\"><img decoding=\"async\" class=\"icon\" src=\"https:\/\/www.banyuaiki.it\/archivio\/wp-content\/uploads\/2015\/03\/il-dojo-icon.jpg\" title=\"il dojo\" alt=\"\" \/><\/div><div class=\"ffs-content-box\"><div class=\"infobox-title\" style=\"text-align:center; font-size:20px; text-transform: uppercase; \">il dojo<\/div><div class=\"infobox-text\"  style=\"text-align:center; font-size:13px; \" >il nostro sistema di allenamento<\/div><\/div><\/div><\/a>\n<a title=\"dove siamo\" href=\"\/archivio\/?page_id=82\"><div id=\"info-box-33\" class=\" ffs-four-one ffs-info-box center \" ><div class=\"ffs-icon-box\"><img decoding=\"async\" class=\"icon\" src=\"https:\/\/www.banyuaiki.it\/archivio\/wp-content\/uploads\/2015\/03\/map-icon.jpg\" title=\"dove siamo\" alt=\"\" \/><\/div><div class=\"ffs-content-box\"><div class=\"infobox-title\" style=\"text-align:center; font-size:20px; text-transform: uppercase; \">dove siamo<\/div><div class=\"infobox-text\"  style=\"text-align:center; font-size:13px; \" >indirizzi del corso adulti, ragazzi e bambini<\/div><\/div><\/div><\/a>\n<a title=\"chi siamo\" href=\"\/archivio\/?page_id=129\"><div id=\"info-box-25\" class=\" ffs-four-one ffs-info-box center last\" ><div class=\"ffs-icon-box\"><img decoding=\"async\" class=\"icon\" src=\"https:\/\/www.banyuaiki.it\/archivio\/wp-content\/uploads\/2021\/10\/nafudakake-2021-10.jpg\" title=\"chi siamo\" alt=\"\" \/><\/div><div class=\"ffs-content-box\"><div class=\"infobox-title\" style=\"text-align:center; font-size:20px; text-transform: uppercase; \">chi siamo<\/div><div class=\"infobox-text\"  style=\"text-align:center; font-size:13px; \" >il responsabile del dojo e gli istruttori<\/div><\/div><\/div><\/a>\n<\/div><div class=\"clearfix\"><\/div>\n\n\n\n<p class=\"wp-block-paragraph\">Benvenuti nel sito dell&#8217;Associazione Culturale Aikido Banyuaiki Dojo Roma. L&#8217;associazione ha come finalit\u00e0&nbsp; lo sviluppo armonico delle diverse capacit\u00e0 normalmente presenti in ogni individuo.<br>Il lavoro sinergico su corpo, mente ed energia mira a conseguire uno stato di benessere nella sua accezione pi\u00f9 ampia. L&#8217;obiettivo \u00e8 un corpo tonico ma non teso, ed una mente attenta senza essere sopraffatta da ci\u00f2 che accade intorno a s\u00e9, per conseguire una condizione di libert\u00e0 ed equilibrio interiore, favorendo la propria realizzazione personale.<br>Il riferimento metodologico \u00e8&nbsp;l&#8217;aikido del Fondatore Ueshiba Morihei in generale, e il metodo Tada Juku (aikido e Kinorenma) cos\u00ec&nbsp; come \u00e8&nbsp; stato definito dal suo ideatore Tada Hiroshi sensei in particolare.<\/p>\n\n\n<div class=\"ffs-bs\"><div id=\"ffs-alert-94\" class=\"alert alert-dismissible alert-success\"><button type=\"button\" class=\"close\" data-dismiss=\"alert\" aria-label=\"Close\"><span aria-hidden=\"true\">&times;<\/span><\/button>&#127758; Foreign residents welcome: the chief instructor is bilingual English\/Italian!<\/div><\/div><div class=\"clearfix\"><\/div>\n\n\n\n<p class=\"wp-block-paragraph\"><\/p>\n","protected":false},"excerpt":{"rendered":"<p>Archivio Banyuaiki 2005\u20132026Questo sito \u00e8 conservato come archivio storico del Banyuaiki Dojo. Contiene articoli, materiali e testimonianze pubblicati nel corso degli anni. Alcune informazioni pratiche possono non essere pi\u00f9 aggiornate. ultimi articoli: Benvenuti nel sito dell&#8217;Associazione Culturale Aikido Banyuaiki Dojo Roma. L&#8217;associazione ha come finalit\u00e0&nbsp; lo sviluppo armonico delle diverse capacit\u00e0 normalmente presenti in ogni [&hellip;]<\/p>\n","protected":false},"author":1,"featured_media":0,"parent":0,"menu_order":0,"comment_status":"closed","ping_status":"closed","template":"","meta":{"footnotes":""},"class_list":["post-5","page","type-page","status-publish","hentry"],"_links":{"self":[{"href":"https:\/\/www.banyuaiki.it\/archivio\/wp-json\/wp\/v2\/pages\/5","targetHints":{"allow":["GET"]}}],"collection":[{"href":"https:\/\/www.banyuaiki.it\/archivio\/wp-json\/wp\/v2\/pages"}],"about":[{"href":"https:\/\/www.banyuaiki.it\/archivio\/wp-json\/wp\/v2\/types\/page"}],"author":[{"embeddable":true,"href":"https:\/\/www.banyuaiki.it\/archivio\/wp-json\/wp\/v2\/users\/1"}],"replies":[{"embeddable":true,"href":"https:\/\/www.banyuaiki.it\/archivio\/wp-json\/wp\/v2\/comments?post=5"}],"version-history":[{"count":93,"href":"https:\/\/www.banyuaiki.it\/archivio\/wp-json\/wp\/v2\/pages\/5\/revisions"}],"predecessor-version":[{"id":5255,"href":"https:\/\/www.banyuaiki.it\/archivio\/wp-json\/wp\/v2\/pages\/5\/revisions\/5255"}],"wp:attachment":[{"href":"https:\/\/www.banyuaiki.it\/archivio\/wp-json\/wp\/v2\/media?parent=5"}],"curies":[{"name":"wp","href":"https:\/\/api.w.org\/{rel}","templated":true}]}}